{"id":21954,"date":"2023-12-12T09:29:29","date_gmt":"2023-12-12T08:29:29","guid":{"rendered":"https:\/\/esf.hr\/esfplus\/?page_id=21954"},"modified":"2023-12-15T08:53:14","modified_gmt":"2023-12-15T07:53:14","slug":"esf-za-vjestine-buducnosti","status":"publish","type":"page","link":"https:\/\/esf.hr\/esfplus\/esf-za-vjestine-buducnosti\/","title":{"rendered":"Konferencija ESF+ ZA VJE\u0160TINE BUDU\u0106NOSTI"},"content":{"rendered":"<p><img loading=\"lazy\" class=\"alignnone wp-image-22007\" src=\"https:\/\/esf.hr\/esfplus\/wp-content\/uploads\/2023\/12\/bg2-300x31.png\" alt=\"\" width=\"668\" height=\"69\" srcset=\"https:\/\/esf.hr\/esfplus\/wp-content\/uploads\/2023\/12\/bg2-300x31.png 300w, https:\/\/esf.hr\/esfplus\/wp-content\/uploads\/2023\/12\/bg2-1024x107.png 1024w, https:\/\/esf.hr\/esfplus\/wp-content\/uploads\/2023\/12\/bg2-768x80.png 768w, https:\/\/esf.hr\/esfplus\/wp-content\/uploads\/2023\/12\/bg2-1536x160.png 1536w, https:\/\/esf.hr\/esfplus\/wp-content\/uploads\/2023\/12\/bg2-1000x104.png 1000w, https:\/\/esf.hr\/esfplus\/wp-content\/uploads\/2023\/12\/bg2.png 1920w\" sizes=\"(max-width: 668px) 100vw, 668px\" \/><\/p>\n<p><img loading=\"lazy\" class=\"alignnone wp-image-22009\" src=\"https:\/\/esf.hr\/esfplus\/wp-content\/uploads\/2023\/12\/BAR_1920-300x31.png\" alt=\"\" width=\"678\" height=\"70\" srcset=\"https:\/\/esf.hr\/esfplus\/wp-content\/uploads\/2023\/12\/BAR_1920-300x31.png 300w, https:\/\/esf.hr\/esfplus\/wp-content\/uploads\/2023\/12\/BAR_1920-1024x107.png 1024w, https:\/\/esf.hr\/esfplus\/wp-content\/uploads\/2023\/12\/BAR_1920-768x80.png 768w, https:\/\/esf.hr\/esfplus\/wp-content\/uploads\/2023\/12\/BAR_1920-1536x160.png 1536w, https:\/\/esf.hr\/esfplus\/wp-content\/uploads\/2023\/12\/BAR_1920-1000x104.png 1000w, https:\/\/esf.hr\/esfplus\/wp-content\/uploads\/2023\/12\/BAR_1920.png 1920w\" sizes=\"(max-width: 678px) 100vw, 678px\" \/><\/p>\n<p><strong><span style=\"font-size: 18pt;\"><span style=\"color: #3366ff;\">\u00a0 \u00a0 \u00a0 \u00a0 \u00a0 \u00a0 \u00a0 \u00a0 \u00a0 \u00a0 \u00a0 \u00a0 \u00a0 \u00a0 \u00a0 \u00a0 Program doga\u0111anja\u00a0<\/span><\/span><\/strong><\/p>\n<p><span style=\"color: #000000;\"><span style=\"text-decoration: underline;\"><strong>09.00 \u2013 09.30<\/strong><\/span>\u00a0 \u00a0<strong><em>Registracija<\/em><\/strong><\/span><br \/>\n<span style=\"color: #000000;\"><span style=\"text-decoration: underline;\"><strong>09.30 \u2013 10.30<\/strong><\/span>\u00a0 \u00a0<strong><em>Otvaranje konferencije<\/em><\/strong><\/span><\/p>\n<ul>\n<li><strong>Marin Pileti\u0107<\/strong>, ministar rada, mirovinskoga sustava, obitelji i socijalne politike<\/li>\n<li><strong>Gordan Grli\u0107 Radman<\/strong>, ministar vanjskih i europskih poslova<\/li>\n<li><strong>Nicolas Schmit<\/strong>, povjerenik za zapo\u0161ljavanje i socijalna prava, Europska komisija<\/li>\n<\/ul>\n<p><span style=\"text-decoration: underline;\"><strong>10.30 \u2013 11.00<\/strong><\/span>\u00a0 \u00a0<em><strong>Uvodno izlaganje \u201eVje\u0161tine i tr\u017ei\u0161te rada u RH\u201c<\/strong><\/em><\/p>\n<ul>\n<li><strong>Ivan Vidi\u0161<\/strong>, dr\u017eavni tajnik, Ministarstvo rada, mirovinskoga sustava, obitelji i<br \/>\nsocijalne politike<\/li>\n<\/ul>\n<p><span style=\"text-decoration: underline;\"><strong>11.00 \u2013 11.30<\/strong><\/span>\u00a0 \u00a0<em><strong>Stanka za kavu<\/strong><\/em><br \/>\n<span style=\"text-decoration: underline;\"><strong>11.30 \u2013 12.45<\/strong><\/span>\u00a0 \u00a0<em><strong>Panel 1. \u201ePovezivanje obrazovanja s novim promjenama na tr\u017ei\u0161tu rada\u201c<\/strong><\/em><\/p>\n<p>Uvodni\u010dar: <strong>Jiri Branka<\/strong>, European Centre for the Development of Vocational Training (CEDEFOP) &#8211; javljanje videom<\/p>\n<p>Panelisti:<\/p>\n<ul>\n<li><strong>dr.sc. Iva Ivankovi\u0107, <\/strong>dr\u017eavna tajnica, Ministarstvo znanosti i obrazovanja<\/li>\n<li><strong>dr.sc. Zvonko Kostanj\u010dar, <\/strong>Sveu\u010dili\u0161te u Zagrebu Fakultet elektrotehnike i ra\u010dunarstva<\/li>\n<li><strong>Alen Halilovi\u0107, <\/strong>predstavnik Rimac grupe, tvrtka Project 3 Mobility<\/li>\n<li><strong>Hrvoje Miti\u0107, <\/strong>umjetni\u010dki savjetnik u HAVC-u i savjetnik za razvoj poslovanja u Games London<\/li>\n<li><strong>Egbert Holthuis, <\/strong>Europska komisija, jedinica zadu\u017eena za podru\u010dje zapo\u0161ljavanja, socijalne uklju\u010denosti<\/li>\n<\/ul>\n<p>Moderator: <strong>Tomislav Milunovi\u0107<\/strong>, Ministarstvo rada, mirovinskoga sustava, obitelji i socijalne politike<\/p>\n<p><span style=\"text-decoration: underline;\"><strong>12.45 \u2013 13.45<\/strong><\/span>\u00a0 \u00a0<em><strong>Stanka za ru\u010dak<\/strong><\/em><br \/>\n<span style=\"text-decoration: underline;\"><strong>13.45 \u2013 14.45<\/strong><\/span>\u00a0 \u00a0<em><strong>Panel 2. \u201cEUSAIR: mogu\u0107nosti transnacionalne suradnje u podru\u010dju vje\u0161tina\u201d<\/strong><\/em><\/p>\n<p>Panelisti:<\/p>\n<ul>\n<li><strong>Ana \u0160imund\u017ea, <\/strong>Svjetska banka<\/li>\n<li><strong>Vlado Dimovski, <\/strong>Sveu\u010dili\u0161te u Ljubljani, Slovenija<\/li>\n<li><strong>Tanja Radusinovi\u0107, <\/strong>Gospodarska komora, Crna Gora<\/li>\n<li><strong>Katarina Sori\u0107, <\/strong>Europska komisija (DG EMPL)<\/li>\n<\/ul>\n<p>Moderator: <strong>Filip Mili\u010devi\u0107<\/strong>, Ministarstvo rada, mirovinskoga sustava, obitelji i socijalne politike<\/p>\n<p><span style=\"text-decoration: underline;\"><strong>14.45 \u2013 15.00<\/strong><\/span>\u00a0 \u00a0<em><strong>Zavr\u0161no obra\u0107anje i zaklju\u010dci konferencije<\/strong><\/em><\/p>\n<ul>\n<li><strong>Ivan Vidi\u0161<\/strong>, dr\u017eavni tajnik, Ministarstvo rada, mirovinskoga sustava, obitelji i socijalne politike<\/li>\n<\/ul>\n<p><em>*Program je podlo\u017ean izmjenama\u00a0<\/em><\/p>\n<p><strong>\u00a0 \u00a0 \u00a0 \u00a0 \u00a0 \u00a0 \u00a0 \u00a0 \u00a0 \u00a0 \u00a0 \u00a0 \u00a0 <span style=\"font-size: 14pt;\">\u00a0 \u00a0 \u00a0 \u00a0 \u00a0 \u00a0 \u00a0 \u00a0 \u00a0 \u00a0 \u00a0<span style=\"font-size: 18pt; color: #3366ff;\">Conference Program\u00a0<\/span><\/span><\/strong><\/p>\n<p><span style=\"text-decoration: underline;\"><strong>09.00 \u2013 09.30<\/strong><\/span>\u00a0 \u00a0<em><strong>Registration<\/strong><\/em><br \/>\n<span style=\"text-decoration: underline;\"><strong>09.30 \u2013 10.30<\/strong><\/span>\u00a0 \u00a0<em><strong>Opening<\/strong><\/em><\/p>\n<ul>\n<li><strong>Marin Pileti\u0107<\/strong>, Minister of Labour, Pension System, Family and Social Policy<\/li>\n<li><strong>Gordan Grli\u0107 Radman<\/strong>, Minister of Foreign and European Affairs<\/li>\n<li><strong>Nicolas Schmit<\/strong>, European Commissioner for Jobs and Social Rights<\/li>\n<\/ul>\n<p><span style=\"text-decoration: underline;\"><strong>10.30 \u2013 11.00<\/strong><\/span>\u00a0 \u00a0<em><strong>Introduction \u201eSkills and the labour market in Croatia\u201c<\/strong><\/em><\/p>\n<ul>\n<li><strong>Ivan Vidi\u0161<\/strong>, State Secretary, Ministry of Labour, Pension System, Family and Social Policy<\/li>\n<\/ul>\n<p><span style=\"text-decoration: underline;\"><strong>11.00 \u2013 11.30<\/strong><\/span>\u00a0 <em><strong>\u00a0Coffee break<\/strong><\/em><br \/>\n<span style=\"text-decoration: underline;\"><strong>11.30 \u2013 12.45<\/strong><\/span>\u00a0 \u00a0<em><strong>Panel 1. \u201eConnecting education with new changes in the labour market\u201c<\/strong><\/em><\/p>\n<p>Introduction: <strong>Jiri Branka<\/strong>, European Centre for the Development of Vocational\u00a0Training (CEDEFOP) &#8211; video<\/p>\n<p>Panelists:<\/p>\n<ul>\n<li><strong>Egbert Holthuis<\/strong>, European Commission (DG EMPL)<\/li>\n<li><strong>Alen Halilovi\u0107<\/strong>, Representative of Rimac Automobili, Project 3 Mobility<\/li>\n<li><strong>Zvonko Kostanj\u010dar<\/strong>, Ph.D., Faculty of Electrical Engineering and Computing, University of Zagreb<\/li>\n<li><strong>Hrvoje Miti\u0107<\/strong>, artistic advisor at Croatian Audiovisual Centre and business development advisor at Games London<\/li>\n<li><strong>Iva Ivankovi\u0107<\/strong>, Ph.D., State Secretary, Ministry of Science and Education<\/li>\n<\/ul>\n<p>Moderator: <strong>Tomislav Milunovi\u0107<\/strong>, Ministry of Labour, Pension System, Family and Social Policy<\/p>\n<p><span style=\"text-decoration: underline;\"><strong>12.45 \u2013 13.45<\/strong><\/span>\u00a0 \u00a0<em><strong>Lunch break<\/strong><\/em><br \/>\n<span style=\"text-decoration: underline;\"><strong>13.45 \u2013 14.45<\/strong><\/span>\u00a0 \u00a0<em><strong>Panel 2. \u201cEUSAIR: the potential of transnational cooperation in the field of skills\u201d<\/strong><\/em><\/p>\n<p>Panelists:<\/p>\n<ul>\n<li><strong>Katarina Sori\u0107<\/strong>, European Commission (DG EMPL)<\/li>\n<li><strong>Jehan Arulpragasam<\/strong>, World Bank<\/li>\n<li><strong>Vlado Dimovski<\/strong>, University of Ljubljana, Slovenia<\/li>\n<li><strong>Tanja Radusinovi\u0107<\/strong>, Chamber of Economy of Montenegro<\/li>\n<\/ul>\n<p>Moderator: <strong>Filip Mili\u010devi\u0107<\/strong>, Ministry of Labour, Pension System, Family and Social Policy<\/p>\n<p><span style=\"text-decoration: underline;\"><strong>14.45 \u2013 15.00<\/strong><\/span>\u00a0 \u00a0<em><strong>Final address and conclusions of the Conference<\/strong><\/em><\/p>\n<ul>\n<li><strong>Ivan Vidi\u0161<\/strong>, State Secretary, Ministry of Labour, Pension System, Family and Social Policy<\/li>\n<\/ul>\n<p><em>*The Program is subjected to changes\u00a0<\/em><\/p>\n","protected":false},"excerpt":{"rendered":"<p>\u00a0 \u00a0 \u00a0 \u00a0 \u00a0 \u00a0 \u00a0 \u00a0 \u00a0 \u00a0 \u00a0 \u00a0 \u00a0 \u00a0 \u00a0 \u00a0 Program doga\u0111anja\u00a0 09.00 \u2013 09.30\u00a0 \u00a0Registracija 09.30 \u2013 10.30\u00a0 \u00a0Otvaranje konferencije Marin Pileti\u0107, ministar rada, mirovinskoga sustava, obitelji i socijalne politike Gordan Grli\u0107 Radman, ministar vanjskih i europskih poslova Nicolas Schmit, povjerenik za zapo\u0161ljavanje i socijalna prava, Europska komisija [&hellip;]<\/p>\n","protected":false},"author":20,"featured_media":0,"parent":0,"menu_order":0,"comment_status":"closed","ping_status":"closed","template":"","meta":{"_monsterinsights_skip_tracking":false,"_monsterinsights_sitenote_active":false,"_monsterinsights_sitenote_note":"","_monsterinsights_sitenote_category":0,"cybocfi_hide_featured_image":""},"yoast_head":"<!-- This site is optimized with the Yoast SEO plugin v16.8 - https:\/\/yoast.com\/wordpress\/plugins\/seo\/ -->\n<title>Konferencija ESF+ ZA VJE\u0160TINE BUDU\u0106NOSTI - Europski socijalni fond<\/title>\n<meta name=\"robots\" content=\"index, follow, max-snippet:-1, max-image-preview:large, max-video-preview:-1\" \/>\n<link rel=\"canonical\" href=\"https:\/\/esf.hr\/esfplus\/esf-za-vjestine-buducnosti\/\" \/>\n<meta property=\"og:locale\" content=\"en_US\" \/>\n<meta property=\"og:type\" content=\"article\" \/>\n<meta property=\"og:title\" content=\"Konferencija ESF+ ZA VJE\u0160TINE BUDU\u0106NOSTI - Europski socijalni fond\" \/>\n<meta property=\"og:description\" content=\"\u00a0 \u00a0 \u00a0 \u00a0 \u00a0 \u00a0 \u00a0 \u00a0 \u00a0 \u00a0 \u00a0 \u00a0 \u00a0 \u00a0 \u00a0 \u00a0 Program doga\u0111anja\u00a0 09.00 \u2013 09.30\u00a0 \u00a0Registracija 09.30 \u2013 10.30\u00a0 \u00a0Otvaranje konferencije Marin Pileti\u0107, ministar rada, mirovinskoga sustava, obitelji i socijalne politike Gordan Grli\u0107 Radman, ministar vanjskih i europskih poslova Nicolas Schmit, povjerenik za zapo\u0161ljavanje i socijalna prava, Europska komisija [&hellip;]\" \/>\n<meta property=\"og:url\" content=\"https:\/\/esf.hr\/esfplus\/esf-za-vjestine-buducnosti\/\" \/>\n<meta property=\"og:site_name\" content=\"Europski socijalni fond\" \/>\n<meta property=\"article:modified_time\" content=\"2023-12-15T07:53:14+00:00\" \/>\n<meta property=\"og:image\" content=\"https:\/\/esf.hr\/esfplus\/wp-content\/uploads\/2023\/12\/bg2-300x31.png\" \/>\n<meta name=\"twitter:label1\" content=\"Est. reading time\" \/>\n\t<meta name=\"twitter:data1\" content=\"3 minutes\" \/>\n<script type=\"application\/ld+json\" class=\"yoast-schema-graph\">{\"@context\":\"https:\/\/schema.org\",\"@graph\":[{\"@type\":\"WebSite\",\"@id\":\"https:\/\/esf.hr\/esfplus\/#website\",\"url\":\"https:\/\/esf.hr\/esfplus\/\",\"name\":\"Europski socijalni fond\",\"description\":\"Program U\\u010dinkoviti ljudski potencijali 2021.-2027.\",\"potentialAction\":[{\"@type\":\"SearchAction\",\"target\":{\"@type\":\"EntryPoint\",\"urlTemplate\":\"https:\/\/esf.hr\/esfplus\/?s={search_term_string}\"},\"query-input\":\"required name=search_term_string\"}],\"inLanguage\":\"en-US\"},{\"@type\":\"ImageObject\",\"@id\":\"https:\/\/esf.hr\/esfplus\/esf-za-vjestine-buducnosti\/#primaryimage\",\"inLanguage\":\"en-US\",\"url\":\"https:\/\/esf.hr\/esfplus\/wp-content\/uploads\/2023\/12\/bg2.png\",\"contentUrl\":\"https:\/\/esf.hr\/esfplus\/wp-content\/uploads\/2023\/12\/bg2.png\",\"width\":1920,\"height\":200},{\"@type\":\"WebPage\",\"@id\":\"https:\/\/esf.hr\/esfplus\/esf-za-vjestine-buducnosti\/#webpage\",\"url\":\"https:\/\/esf.hr\/esfplus\/esf-za-vjestine-buducnosti\/\",\"name\":\"Konferencija ESF+ ZA VJE\\u0160TINE BUDU\\u0106NOSTI - Europski socijalni fond\",\"isPartOf\":{\"@id\":\"https:\/\/esf.hr\/esfplus\/#website\"},\"primaryImageOfPage\":{\"@id\":\"https:\/\/esf.hr\/esfplus\/esf-za-vjestine-buducnosti\/#primaryimage\"},\"datePublished\":\"2023-12-12T08:29:29+00:00\",\"dateModified\":\"2023-12-15T07:53:14+00:00\",\"breadcrumb\":{\"@id\":\"https:\/\/esf.hr\/esfplus\/esf-za-vjestine-buducnosti\/#breadcrumb\"},\"inLanguage\":\"en-US\",\"potentialAction\":[{\"@type\":\"ReadAction\",\"target\":[\"https:\/\/esf.hr\/esfplus\/esf-za-vjestine-buducnosti\/\"]}]},{\"@type\":\"BreadcrumbList\",\"@id\":\"https:\/\/esf.hr\/esfplus\/esf-za-vjestine-buducnosti\/#breadcrumb\",\"itemListElement\":[{\"@type\":\"ListItem\",\"position\":1,\"name\":\"Naslovna\",\"item\":\"https:\/\/esf.hr\/esfplus\/\"},{\"@type\":\"ListItem\",\"position\":2,\"name\":\"Konferencija ESF+ ZA VJE\\u0160TINE BUDU\\u0106NOSTI\"}]}]}<\/script>\n<!-- \/ Yoast SEO plugin. -->","yoast_head_json":{"title":"Konferencija ESF+ ZA VJE\u0160TINE BUDU\u0106NOSTI - Europski socijalni fond","robots":{"index":"index","follow":"follow","max-snippet":"max-snippet:-1","max-image-preview":"max-image-preview:large","max-video-preview":"max-video-preview:-1"},"canonical":"https:\/\/esf.hr\/esfplus\/esf-za-vjestine-buducnosti\/","og_locale":"en_US","og_type":"article","og_title":"Konferencija ESF+ ZA VJE\u0160TINE BUDU\u0106NOSTI - Europski socijalni fond","og_description":"\u00a0 \u00a0 \u00a0 \u00a0 \u00a0 \u00a0 \u00a0 \u00a0 \u00a0 \u00a0 \u00a0 \u00a0 \u00a0 \u00a0 \u00a0 \u00a0 Program doga\u0111anja\u00a0 09.00 \u2013 09.30\u00a0 \u00a0Registracija 09.30 \u2013 10.30\u00a0 \u00a0Otvaranje konferencije Marin Pileti\u0107, ministar rada, mirovinskoga sustava, obitelji i socijalne politike Gordan Grli\u0107 Radman, ministar vanjskih i europskih poslova Nicolas Schmit, povjerenik za zapo\u0161ljavanje i socijalna prava, Europska komisija [&hellip;]","og_url":"https:\/\/esf.hr\/esfplus\/esf-za-vjestine-buducnosti\/","og_site_name":"Europski socijalni fond","article_modified_time":"2023-12-15T07:53:14+00:00","og_image":[{"url":"https:\/\/esf.hr\/esfplus\/wp-content\/uploads\/2023\/12\/bg2-300x31.png"}],"twitter_misc":{"Est. reading time":"3 minutes"},"schema":{"@context":"https:\/\/schema.org","@graph":[{"@type":"WebSite","@id":"https:\/\/esf.hr\/esfplus\/#website","url":"https:\/\/esf.hr\/esfplus\/","name":"Europski socijalni fond","description":"Program U\u010dinkoviti ljudski potencijali 2021.-2027.","potentialAction":[{"@type":"SearchAction","target":{"@type":"EntryPoint","urlTemplate":"https:\/\/esf.hr\/esfplus\/?s={search_term_string}"},"query-input":"required name=search_term_string"}],"inLanguage":"en-US"},{"@type":"ImageObject","@id":"https:\/\/esf.hr\/esfplus\/esf-za-vjestine-buducnosti\/#primaryimage","inLanguage":"en-US","url":"https:\/\/esf.hr\/esfplus\/wp-content\/uploads\/2023\/12\/bg2.png","contentUrl":"https:\/\/esf.hr\/esfplus\/wp-content\/uploads\/2023\/12\/bg2.png","width":1920,"height":200},{"@type":"WebPage","@id":"https:\/\/esf.hr\/esfplus\/esf-za-vjestine-buducnosti\/#webpage","url":"https:\/\/esf.hr\/esfplus\/esf-za-vjestine-buducnosti\/","name":"Konferencija ESF+ ZA VJE\u0160TINE BUDU\u0106NOSTI - Europski socijalni fond","isPartOf":{"@id":"https:\/\/esf.hr\/esfplus\/#website"},"primaryImageOfPage":{"@id":"https:\/\/esf.hr\/esfplus\/esf-za-vjestine-buducnosti\/#primaryimage"},"datePublished":"2023-12-12T08:29:29+00:00","dateModified":"2023-12-15T07:53:14+00:00","breadcrumb":{"@id":"https:\/\/esf.hr\/esfplus\/esf-za-vjestine-buducnosti\/#breadcrumb"},"inLanguage":"en-US","potentialAction":[{"@type":"ReadAction","target":["https:\/\/esf.hr\/esfplus\/esf-za-vjestine-buducnosti\/"]}]},{"@type":"BreadcrumbList","@id":"https:\/\/esf.hr\/esfplus\/esf-za-vjestine-buducnosti\/#breadcrumb","itemListElement":[{"@type":"ListItem","position":1,"name":"Naslovna","item":"https:\/\/esf.hr\/esfplus\/"},{"@type":"ListItem","position":2,"name":"Konferencija ESF+ ZA VJE\u0160TINE BUDU\u0106NOSTI"}]}]}},"_links":{"self":[{"href":"https:\/\/esf.hr\/esfplus\/wp-json\/wp\/v2\/pages\/21954"}],"collection":[{"href":"https:\/\/esf.hr\/esfplus\/wp-json\/wp\/v2\/pages"}],"about":[{"href":"https:\/\/esf.hr\/esfplus\/wp-json\/wp\/v2\/types\/page"}],"author":[{"embeddable":true,"href":"https:\/\/esf.hr\/esfplus\/wp-json\/wp\/v2\/users\/20"}],"replies":[{"embeddable":true,"href":"https:\/\/esf.hr\/esfplus\/wp-json\/wp\/v2\/comments?post=21954"}],"version-history":[{"count":20,"href":"https:\/\/esf.hr\/esfplus\/wp-json\/wp\/v2\/pages\/21954\/revisions"}],"predecessor-version":[{"id":22027,"href":"https:\/\/esf.hr\/esfplus\/wp-json\/wp\/v2\/pages\/21954\/revisions\/22027"}],"wp:attachment":[{"href":"https:\/\/esf.hr\/esfplus\/wp-json\/wp\/v2\/media?parent=21954"}],"curies":[{"name":"wp","href":"https:\/\/api.w.org\/{rel}","templated":true}]}}