{"id":19926,"date":"2022-11-24T14:37:52","date_gmt":"2022-11-24T13:37:52","guid":{"rendered":"https:\/\/esf.hr\/esfplus\/?page_id=19926"},"modified":"2026-03-31T13:58:32","modified_gmt":"2026-03-31T11:58:32","slug":"indikativni-godisnji-plan-objave-poziva","status":"publish","type":"page","link":"https:\/\/esf.hr\/esfplus\/indikativni-godisnji-plan-objave-poziva\/","title":{"rendered":"Indikativni godi\u0161nji plan objave Poziva"},"content":{"rendered":"<hr style=\"border-top: 2.2px solid #ddd;\" \/>\n<p>Ministarstvo rada, mirovinskoga sustava, obitelji i socijalne politike, Upravlja\u010dko tijelo Programa U\u010dinkoviti ljudski potencijali 2021.-2027., objavljuje Godi\u0161nji plan objave poziva na dostavu projektnih prijedloga, s ciljem informiranja javnosti i omogu\u0107avanja pravovremene pripreme projektnih prijedloga potencijalnih prijavitelja.<\/p>\n<p>Napomena: Godi\u0161nji plan objave poziva na dostavu projektnih prijedloga sadr\u017ei <strong>indikativni<\/strong> <strong>popis poziva<\/strong> i rokova poznatih u trenutku izrade plana te je podlo\u017ean izmjenama i dopunama.<\/p>\n<div id=\"ac-260\" class=\"c-accordion__content\" style=\"display: block; padding-top: 50px;\">\n<p><!-- 2026 --><\/p>\n<div class=\"wp-block-pb-accordion-item c-accordion__item js-accordion-item is-read\" data-initially-open=\"false\" data-click-to-close=\"true\" data-auto-close=\"true\" data-scroll=\"false\" data-scroll-offset=\"0\">\n<hr class=\"esf-docs-line\" \/>\n<h2 id=\"at-270\" class=\"c-accordion__title js-accordion-controller\" tabindex=\"0\" role=\"button\" aria-controls=\"ac-270\" aria-expanded=\"false\">Indikativni godi\u0161nji plan objave Poziva u 2026. godini<\/h2>\n<div id=\"ac-270\" class=\"c-accordion__content\" style=\"display: none;\" hidden=\"hidden\">\n        <div class=\"widget widget-files\">\n            <ul class=\"files-listing\">\n                                                        <li class=\"type-xls\">\n                        <h3><a href=\"https:\/\/esf.hr\/esfplus\/wp-content\/uploads\/2026\/03\/1.izmjena_GP2026.xlsx\">Godi\u0161nji plan objave PDP-a 2026._I. izmjena<\/a><\/h3>\n                        <div class=\"metaX\">\n                            <p>\n                              <span class=\"title\">Datum:<\/span>\n                              <span class=\"value\">31. 03. 2026.<\/span>\n                            <\/p>\n                                                            <p>\n                                  <span class=\"title\">Tip:<\/span>\n                                  <span class=\"value\">XLS<\/span>\n                                <\/p>\n                                                                                        <p>\n                                  <span class=\"title\">Veli\u010dina:<\/span>\n                                  <span class=\"value\">36 KB<\/span>\n                                <\/p>\n                                                    <\/div>\n                    <\/li>\n                                                        <li class=\"type-xls\">\n                        <h3><a href=\"https:\/\/esf.hr\/esfplus\/wp-content\/uploads\/2026\/01\/Godisnji-plan-objave-Poziva-na-dostavu-projektnih-prijedloga-za-2026.-godinu.xlsx\">Godi\u0161nji plan objave Poziva na dostavu projektnih prijedloga za 2026. godinu<\/a><\/h3>\n                        <div class=\"metaX\">\n                            <p>\n                              <span class=\"title\">Datum:<\/span>\n                              <span class=\"value\">08. 01. 2026.<\/span>\n                            <\/p>\n                                                            <p>\n                                  <span class=\"title\">Tip:<\/span>\n                                  <span class=\"value\">XLS<\/span>\n                                <\/p>\n                                                                                        <p>\n                                  <span class=\"title\">Veli\u010dina:<\/span>\n                                  <span class=\"value\">36 KB<\/span>\n                                <\/p>\n                                                    <\/div>\n                    <\/li>\n                                                                                                                                                                                                                                    <\/ul>\n        <\/div>\n        <!-- \/Widget: Files -->\n    \n<\/div>\n<\/div>\n<p><!-- 2025 --><\/p>\n<div class=\"wp-block-pb-accordion-item c-accordion__item js-accordion-item is-read\" data-initially-open=\"false\" data-click-to-close=\"true\" data-auto-close=\"true\" data-scroll=\"false\" data-scroll-offset=\"0\">\n<hr class=\"esf-docs-line\" \/>\n<h2 id=\"at-263\" class=\"c-accordion__title js-accordion-controller\" tabindex=\"0\" role=\"button\" aria-controls=\"ac-263\" aria-expanded=\"false\">Indikativni godi\u0161nji plan objave Poziva u 2025. godini<\/h2>\n<div id=\"ac-263\" class=\"c-accordion__content\" style=\"display: none;\" hidden=\"hidden\">\n        <div class=\"widget widget-files\">\n            <ul class=\"files-listing\">\n                                                                                                <li class=\"type-xls\">\n                        <h3><a href=\"https:\/\/esf.hr\/esfplus\/wp-content\/uploads\/2025\/10\/Godisnji-plan-objave-PDP-a-2025._III.izmjena.xlsx.xlsx\">Godi\u0161nji plan objave PDP-a 2025._III. izmjena<\/a><\/h3>\n                        <div class=\"metaX\">\n                            <p>\n                              <span class=\"title\">Datum:<\/span>\n                              <span class=\"value\">29. 10. 2025.<\/span>\n                            <\/p>\n                                                            <p>\n                                  <span class=\"title\">Tip:<\/span>\n                                  <span class=\"value\">XLS<\/span>\n                                <\/p>\n                                                                                        <p>\n                                  <span class=\"title\">Veli\u010dina:<\/span>\n                                  <span class=\"value\">28 KB<\/span>\n                                <\/p>\n                                                    <\/div>\n                    <\/li>\n                                                        <li class=\"type-xls\">\n                        <h3><a href=\"https:\/\/esf.hr\/esfplus\/wp-content\/uploads\/2025\/07\/Godisnji-plan-objave-PDP-a-2025._II.izmjena.xlsx\">Godisnji plan objave PDP-a 2025._II. izmjena<\/a><\/h3>\n                        <div class=\"metaX\">\n                            <p>\n                              <span class=\"title\">Datum:<\/span>\n                              <span class=\"value\">21. 07. 2025.<\/span>\n                            <\/p>\n                                                            <p>\n                                  <span class=\"title\">Tip:<\/span>\n                                  <span class=\"value\">XLS<\/span>\n                                <\/p>\n                                                                                        <p>\n                                  <span class=\"title\">Veli\u010dina:<\/span>\n                                  <span class=\"value\">34 KB<\/span>\n                                <\/p>\n                                                    <\/div>\n                    <\/li>\n                                                        <li class=\"type-xls\">\n                        <h3><a href=\"https:\/\/esf.hr\/esfplus\/wp-content\/uploads\/2025\/04\/I.-izmjene-Godisnjeg-plana-objave-Poziva-na-dostavu-projektnih-prijedloga-za-2025.-godinu.xlsx\">Godisnji plan objave PDP-a 2025._I. izmjena<\/a><\/h3>\n                        <div class=\"metaX\">\n                            <p>\n                              <span class=\"title\">Datum:<\/span>\n                              <span class=\"value\">28. 04. 2025.<\/span>\n                            <\/p>\n                                                            <p>\n                                  <span class=\"title\">Tip:<\/span>\n                                  <span class=\"value\">XLS<\/span>\n                                <\/p>\n                                                                                        <p>\n                                  <span class=\"title\">Veli\u010dina:<\/span>\n                                  <span class=\"value\">38 KB<\/span>\n                                <\/p>\n                                                    <\/div>\n                    <\/li>\n                                                        <li class=\"type-xls\">\n                        <h3><a href=\"https:\/\/esf.hr\/esfplus\/wp-content\/uploads\/2025\/02\/Godisnji-plan-objave-Poziva-na-dostavu-projektnih-prijedloga-za-2025.-godinu.xlsx\">Godi\u0161nji plan objave Poziva na dostavu projektnih prijedloga za 2025. godinu<\/a><\/h3>\n                        <div class=\"metaX\">\n                            <p>\n                              <span class=\"title\">Datum:<\/span>\n                              <span class=\"value\">05. 02. 2025.<\/span>\n                            <\/p>\n                                                            <p>\n                                  <span class=\"title\">Tip:<\/span>\n                                  <span class=\"value\">XLS<\/span>\n                                <\/p>\n                                                                                        <p>\n                                  <span class=\"title\">Veli\u010dina:<\/span>\n                                  <span class=\"value\">42 KB<\/span>\n                                <\/p>\n                                                    <\/div>\n                    <\/li>\n                                                                                                                                                    <\/ul>\n        <\/div>\n        <!-- \/Widget: Files -->\n    \n<\/div>\n<\/div>\n<p><!-- 2024 --><\/p>\n<div class=\"wp-block-pb-accordion-item c-accordion__item js-accordion-item is-read\" data-initially-open=\"false\" data-click-to-close=\"true\" data-auto-close=\"true\" data-scroll=\"false\" data-scroll-offset=\"0\">\n<hr class=\"esf-docs-line\" \/>\n<h2 id=\"at-261\" class=\"c-accordion__title js-accordion-controller\" tabindex=\"0\" role=\"button\" aria-controls=\"ac-261\" aria-expanded=\"false\">Indikativni godi\u0161nji plan objave Poziva u 2024. godini<\/h2>\n<div id=\"ac-261\" class=\"c-accordion__content\" style=\"display: none;\" hidden=\"hidden\">\n        <div class=\"widget widget-files\">\n            <ul class=\"files-listing\">\n                                                                                                                                                                                <li class=\"type-xls\">\n                        <h3><a href=\"https:\/\/esf.hr\/esfplus\/wp-content\/uploads\/2024\/10\/Godisnji-plan-objave-PDP-a_2024._III.izmjena.xlsx\">Godi\u0161nji plan objave PDP-a_2024._III.izmjena<\/a><\/h3>\n                        <div class=\"metaX\">\n                            <p>\n                              <span class=\"title\">Datum:<\/span>\n                              <span class=\"value\">14. 10. 2024.<\/span>\n                            <\/p>\n                                                            <p>\n                                  <span class=\"title\">Tip:<\/span>\n                                  <span class=\"value\">XLS<\/span>\n                                <\/p>\n                                                                                        <p>\n                                  <span class=\"title\">Veli\u010dina:<\/span>\n                                  <span class=\"value\">32 KB<\/span>\n                                <\/p>\n                                                    <\/div>\n                    <\/li>\n                                                        <li class=\"type-xls\">\n                        <h3><a href=\"https:\/\/esf.hr\/esfplus\/wp-content\/uploads\/2024\/07\/Godisnji-plan-objave-PDP-a-2024._II.izmjena.xlsx\">Godi\u0161nji plan objave PDP-a-2024._II.izmjena<\/a><\/h3>\n                        <div class=\"metaX\">\n                            <p>\n                              <span class=\"title\">Datum:<\/span>\n                              <span class=\"value\">17. 07. 2024.<\/span>\n                            <\/p>\n                                                            <p>\n                                  <span class=\"title\">Tip:<\/span>\n                                  <span class=\"value\">XLS<\/span>\n                                <\/p>\n                                                                                        <p>\n                                  <span class=\"title\">Veli\u010dina:<\/span>\n                                  <span class=\"value\">38 KB<\/span>\n                                <\/p>\n                                                    <\/div>\n                    <\/li>\n                                                        <li class=\"type-xls\">\n                        <h3><a href=\"https:\/\/esf.hr\/esfplus\/wp-content\/uploads\/2024\/04\/Godisnji-plan-objave-PDP-a-2024._I.-izmjena.xlsx\">Godisnji plan objave PDP-a 2024._I. izmjena<\/a><\/h3>\n                        <div class=\"metaX\">\n                            <p>\n                              <span class=\"title\">Datum:<\/span>\n                              <span class=\"value\">23. 04. 2024.<\/span>\n                            <\/p>\n                                                            <p>\n                                  <span class=\"title\">Tip:<\/span>\n                                  <span class=\"value\">XLS<\/span>\n                                <\/p>\n                                                                                        <p>\n                                  <span class=\"title\">Veli\u010dina:<\/span>\n                                  <span class=\"value\">41 KB<\/span>\n                                <\/p>\n                                                    <\/div>\n                    <\/li>\n                                                        <li class=\"type-xls\">\n                        <h3><a href=\"https:\/\/esf.hr\/esfplus\/wp-content\/uploads\/2024\/01\/Godisnji-plan-objave-Poziva-na-dostavu-projektnih-prijedloga-za-2024.-godinu.xlsx\">Godisnji plan objave Poziva na dostavu projektnih prijedloga za 2024. godinu<\/a><\/h3>\n                        <div class=\"metaX\">\n                            <p>\n                              <span class=\"title\">Datum:<\/span>\n                              <span class=\"value\">15. 01. 2024.<\/span>\n                            <\/p>\n                                                            <p>\n                                  <span class=\"title\">Tip:<\/span>\n                                  <span class=\"value\">XLS<\/span>\n                                <\/p>\n                                                                                        <p>\n                                  <span class=\"title\">Veli\u010dina:<\/span>\n                                  <span class=\"value\">34 KB<\/span>\n                                <\/p>\n                                                    <\/div>\n                    <\/li>\n                                                                    <\/ul>\n        <\/div>\n        <!-- \/Widget: Files -->\n    \n<\/div>\n<\/div>\n<p><!-- 2023 --><\/p>\n<div class=\"wp-block-pb-accordion-item c-accordion__item js-accordion-item is-read\" data-initially-open=\"false\" data-click-to-close=\"true\" data-auto-close=\"true\" data-scroll=\"false\" data-scroll-offset=\"0\">\n<hr class=\"esf-docs-line\" \/>\n<h2 id=\"at-269\" class=\"c-accordion__title js-accordion-controller\" tabindex=\"0\" role=\"button\" aria-controls=\"ac-269\" aria-expanded=\"false\">Indikativni godi\u0161nji plan objave Poziva u 2023. godini<\/h2>\n<div id=\"ac-269\" class=\"c-accordion__content\" style=\"display: none;\" hidden=\"hidden\">\n        <div class=\"widget widget-files\">\n            <ul class=\"files-listing\">\n                                                                                                                                                                                                                                                                <li class=\"type-xls\">\n                        <h3><a href=\"https:\/\/esf.hr\/esfplus\/wp-content\/uploads\/2023\/08\/Godisnji-plan-objave-PDP-a-2023._I.izmjena.xlsx\">Godi\u0161nji plan objave PDP-a 2023._I.izmjena<\/a><\/h3>\n                        <div class=\"metaX\">\n                            <p>\n                              <span class=\"title\">Datum:<\/span>\n                              <span class=\"value\">14. 08. 2023.<\/span>\n                            <\/p>\n                                                            <p>\n                                  <span class=\"title\">Tip:<\/span>\n                                  <span class=\"value\">XLS<\/span>\n                                <\/p>\n                                                                                        <p>\n                                  <span class=\"title\">Veli\u010dina:<\/span>\n                                  <span class=\"value\">25 KB<\/span>\n                                <\/p>\n                                                    <\/div>\n                    <\/li>\n                                                        <li class=\"type-xls\">\n                        <h3><a href=\"https:\/\/esf.hr\/esfplus\/wp-content\/uploads\/2023\/04\/Godisnji-plan-PDP-ova-otvoreni_2023_04042023.xlsx\">Godi\u0161nji plan objave Poziva na dostavu projektnih prijedloga za 2023. godinu<\/a><\/h3>\n                        <div class=\"metaX\">\n                            <p>\n                              <span class=\"title\">Datum:<\/span>\n                              <span class=\"value\">06. 04. 2023.<\/span>\n                            <\/p>\n                                                            <p>\n                                  <span class=\"title\">Tip:<\/span>\n                                  <span class=\"value\">XLS<\/span>\n                                <\/p>\n                                                                                        <p>\n                                  <span class=\"title\">Veli\u010dina:<\/span>\n                                  <span class=\"value\">16 KB<\/span>\n                                <\/p>\n                                                    <\/div>\n                    <\/li>\n                            <\/ul>\n        <\/div>\n        <!-- \/Widget: Files -->\n    \n<\/div>\n<\/div>\n<\/div>\n<hr class=\"esf-docs-line\" \/>\n","protected":false},"excerpt":{"rendered":"<p>Ministarstvo rada, mirovinskoga sustava, obitelji i socijalne politike, Upravlja\u010dko tijelo Programa U\u010dinkoviti ljudski potencijali 2021.-2027., objavljuje Godi\u0161nji plan objave poziva na dostavu projektnih prijedloga, s ciljem informiranja javnosti i omogu\u0107avanja pravovremene pripreme projektnih prijedloga potencijalnih prijavitelja. Napomena: Godi\u0161nji plan objave poziva na dostavu projektnih prijedloga sadr\u017ei indikativni popis poziva i rokova poznatih u trenutku izrade [&hellip;]<\/p>\n","protected":false},"author":20,"featured_media":0,"parent":0,"menu_order":0,"comment_status":"closed","ping_status":"closed","template":"","meta":{"_monsterinsights_skip_tracking":false,"_monsterinsights_sitenote_active":false,"_monsterinsights_sitenote_note":"","_monsterinsights_sitenote_category":0,"cybocfi_hide_featured_image":""},"yoast_head":"<!-- This site is optimized with the Yoast SEO plugin v16.8 - https:\/\/yoast.com\/wordpress\/plugins\/seo\/ -->\n<title>Indikativni godi\u0161nji plan objave Poziva - Europski socijalni fond<\/title>\n<meta name=\"robots\" content=\"index, follow, max-snippet:-1, max-image-preview:large, max-video-preview:-1\" \/>\n<link rel=\"canonical\" href=\"https:\/\/esf.hr\/esfplus\/indikativni-godisnji-plan-objave-poziva\/\" \/>\n<meta property=\"og:locale\" content=\"en_US\" \/>\n<meta property=\"og:type\" content=\"article\" \/>\n<meta property=\"og:title\" content=\"Indikativni godi\u0161nji plan objave Poziva - Europski socijalni fond\" \/>\n<meta property=\"og:description\" content=\"Ministarstvo rada, mirovinskoga sustava, obitelji i socijalne politike, Upravlja\u010dko tijelo Programa U\u010dinkoviti ljudski potencijali 2021.-2027., objavljuje Godi\u0161nji plan objave poziva na dostavu projektnih prijedloga, s ciljem informiranja javnosti i omogu\u0107avanja pravovremene pripreme projektnih prijedloga potencijalnih prijavitelja. Napomena: Godi\u0161nji plan objave poziva na dostavu projektnih prijedloga sadr\u017ei indikativni popis poziva i rokova poznatih u trenutku izrade [&hellip;]\" \/>\n<meta property=\"og:url\" content=\"https:\/\/esf.hr\/esfplus\/indikativni-godisnji-plan-objave-poziva\/\" \/>\n<meta property=\"og:site_name\" content=\"Europski socijalni fond\" \/>\n<meta property=\"article:modified_time\" content=\"2026-03-31T11:58:32+00:00\" \/>\n<meta name=\"twitter:label1\" content=\"Est. reading time\" \/>\n\t<meta name=\"twitter:data1\" content=\"1 minute\" \/>\n<script type=\"application\/ld+json\" class=\"yoast-schema-graph\">{\"@context\":\"https:\/\/schema.org\",\"@graph\":[{\"@type\":\"WebSite\",\"@id\":\"https:\/\/esf.hr\/esfplus\/#website\",\"url\":\"https:\/\/esf.hr\/esfplus\/\",\"name\":\"Europski socijalni fond\",\"description\":\"Program U\\u010dinkoviti ljudski potencijali 2021.-2027.\",\"potentialAction\":[{\"@type\":\"SearchAction\",\"target\":{\"@type\":\"EntryPoint\",\"urlTemplate\":\"https:\/\/esf.hr\/esfplus\/?s={search_term_string}\"},\"query-input\":\"required name=search_term_string\"}],\"inLanguage\":\"en-US\"},{\"@type\":\"WebPage\",\"@id\":\"https:\/\/esf.hr\/esfplus\/indikativni-godisnji-plan-objave-poziva\/#webpage\",\"url\":\"https:\/\/esf.hr\/esfplus\/indikativni-godisnji-plan-objave-poziva\/\",\"name\":\"Indikativni godi\\u0161nji plan objave Poziva - Europski socijalni fond\",\"isPartOf\":{\"@id\":\"https:\/\/esf.hr\/esfplus\/#website\"},\"datePublished\":\"2022-11-24T13:37:52+00:00\",\"dateModified\":\"2026-03-31T11:58:32+00:00\",\"breadcrumb\":{\"@id\":\"https:\/\/esf.hr\/esfplus\/indikativni-godisnji-plan-objave-poziva\/#breadcrumb\"},\"inLanguage\":\"en-US\",\"potentialAction\":[{\"@type\":\"ReadAction\",\"target\":[\"https:\/\/esf.hr\/esfplus\/indikativni-godisnji-plan-objave-poziva\/\"]}]},{\"@type\":\"BreadcrumbList\",\"@id\":\"https:\/\/esf.hr\/esfplus\/indikativni-godisnji-plan-objave-poziva\/#breadcrumb\",\"itemListElement\":[{\"@type\":\"ListItem\",\"position\":1,\"name\":\"Naslovna\",\"item\":\"https:\/\/esf.hr\/esfplus\/\"},{\"@type\":\"ListItem\",\"position\":2,\"name\":\"Indikativni godi\\u0161nji plan objave Poziva\"}]}]}<\/script>\n<!-- \/ Yoast SEO plugin. -->","yoast_head_json":{"title":"Indikativni godi\u0161nji plan objave Poziva - Europski socijalni fond","robots":{"index":"index","follow":"follow","max-snippet":"max-snippet:-1","max-image-preview":"max-image-preview:large","max-video-preview":"max-video-preview:-1"},"canonical":"https:\/\/esf.hr\/esfplus\/indikativni-godisnji-plan-objave-poziva\/","og_locale":"en_US","og_type":"article","og_title":"Indikativni godi\u0161nji plan objave Poziva - Europski socijalni fond","og_description":"Ministarstvo rada, mirovinskoga sustava, obitelji i socijalne politike, Upravlja\u010dko tijelo Programa U\u010dinkoviti ljudski potencijali 2021.-2027., objavljuje Godi\u0161nji plan objave poziva na dostavu projektnih prijedloga, s ciljem informiranja javnosti i omogu\u0107avanja pravovremene pripreme projektnih prijedloga potencijalnih prijavitelja. Napomena: Godi\u0161nji plan objave poziva na dostavu projektnih prijedloga sadr\u017ei indikativni popis poziva i rokova poznatih u trenutku izrade [&hellip;]","og_url":"https:\/\/esf.hr\/esfplus\/indikativni-godisnji-plan-objave-poziva\/","og_site_name":"Europski socijalni fond","article_modified_time":"2026-03-31T11:58:32+00:00","twitter_misc":{"Est. reading time":"1 minute"},"schema":{"@context":"https:\/\/schema.org","@graph":[{"@type":"WebSite","@id":"https:\/\/esf.hr\/esfplus\/#website","url":"https:\/\/esf.hr\/esfplus\/","name":"Europski socijalni fond","description":"Program U\u010dinkoviti ljudski potencijali 2021.-2027.","potentialAction":[{"@type":"SearchAction","target":{"@type":"EntryPoint","urlTemplate":"https:\/\/esf.hr\/esfplus\/?s={search_term_string}"},"query-input":"required name=search_term_string"}],"inLanguage":"en-US"},{"@type":"WebPage","@id":"https:\/\/esf.hr\/esfplus\/indikativni-godisnji-plan-objave-poziva\/#webpage","url":"https:\/\/esf.hr\/esfplus\/indikativni-godisnji-plan-objave-poziva\/","name":"Indikativni godi\u0161nji plan objave Poziva - Europski socijalni fond","isPartOf":{"@id":"https:\/\/esf.hr\/esfplus\/#website"},"datePublished":"2022-11-24T13:37:52+00:00","dateModified":"2026-03-31T11:58:32+00:00","breadcrumb":{"@id":"https:\/\/esf.hr\/esfplus\/indikativni-godisnji-plan-objave-poziva\/#breadcrumb"},"inLanguage":"en-US","potentialAction":[{"@type":"ReadAction","target":["https:\/\/esf.hr\/esfplus\/indikativni-godisnji-plan-objave-poziva\/"]}]},{"@type":"BreadcrumbList","@id":"https:\/\/esf.hr\/esfplus\/indikativni-godisnji-plan-objave-poziva\/#breadcrumb","itemListElement":[{"@type":"ListItem","position":1,"name":"Naslovna","item":"https:\/\/esf.hr\/esfplus\/"},{"@type":"ListItem","position":2,"name":"Indikativni godi\u0161nji plan objave Poziva"}]}]}},"_links":{"self":[{"href":"https:\/\/esf.hr\/esfplus\/wp-json\/wp\/v2\/pages\/19926"}],"collection":[{"href":"https:\/\/esf.hr\/esfplus\/wp-json\/wp\/v2\/pages"}],"about":[{"href":"https:\/\/esf.hr\/esfplus\/wp-json\/wp\/v2\/types\/page"}],"author":[{"embeddable":true,"href":"https:\/\/esf.hr\/esfplus\/wp-json\/wp\/v2\/users\/20"}],"replies":[{"embeddable":true,"href":"https:\/\/esf.hr\/esfplus\/wp-json\/wp\/v2\/comments?post=19926"}],"version-history":[{"count":38,"href":"https:\/\/esf.hr\/esfplus\/wp-json\/wp\/v2\/pages\/19926\/revisions"}],"predecessor-version":[{"id":26155,"href":"https:\/\/esf.hr\/esfplus\/wp-json\/wp\/v2\/pages\/19926\/revisions\/26155"}],"wp:attachment":[{"href":"https:\/\/esf.hr\/esfplus\/wp-json\/wp\/v2\/media?parent=19926"}],"curies":[{"name":"wp","href":"https:\/\/api.w.org\/{rel}","templated":true}]}}