{"id":13628,"date":"2021-06-25T11:05:50","date_gmt":"2021-06-25T10:05:50","guid":{"rendered":"https:\/\/esf.hr\/esfplus\/?page_id=13628"},"modified":"2025-12-09T09:33:22","modified_gmt":"2025-12-09T08:33:22","slug":"pravilnici-i-upute","status":"publish","type":"page","link":"https:\/\/esf.hr\/esfplus\/pravilnici-i-upute\/","title":{"rendered":"Pravilnici i Upute"},"content":{"rendered":"<hr style=\"border-top: 2.2px solid #ddd;\" \/>\n<p><span style=\"font-size: 18pt;\"><strong>PRAVILA O FINANCIJSKIM KOREKCIJAMA<\/strong><\/span><\/p>\n<ul>\n<li><span style=\"font-size: 14pt;\"><a href=\"https:\/\/esf.hr\/esfplus\/wp-content\/uploads\/2023\/11\/Prilog_14_Pravila-o-financijskim-korekcijama.pdf\">Pravila o financijskim korekcijama<\/a><\/span><\/li>\n<\/ul>\n<p><span style=\"font-size: 18pt;\"><strong>POSTUPCI NABAVE ZA OSOBE KOJE NISU OBVEZNICI ZAKONA O JAVNOJ NABAVI<\/strong><\/span><\/p>\n<ul>\n<li><span style=\"font-size: 14pt; font-family: 'Open Sans';\"><a href=\"https:\/\/esf.hr\/esfplus\/wp-content\/uploads\/2025\/12\/P04_Prilog-15_Nabava-za-NOJN_v3.0.pdf\">Postupci nabave za osobe koje nisu obveznici Zakona o javnoj nabavi, v3.0 \u2013 na snazi od 1. sije\u010dnja 2026.<\/a><\/span><\/li>\n<li><span style=\"font-size: 14pt; font-family: 'Open Sans';\"><a href=\"https:\/\/esf.hr\/esfplus\/wp-content\/uploads\/2025\/03\/P04_Prilog-15_Nabava-za-NOJN_v2.0.pdf\">Postupci nabave za osobe koje nisu obveznici Zakona o javnoj nabavi,<\/a><a href=\"https:\/\/esf.hr\/esfplus\/wp-content\/uploads\/2025\/03\/P04_Prilog-15_Nabava-za-NOJN_v2.0.pdf\"> v2.0 \u2013 na snazi od 1. travnja do 31. prosinca 2025.<\/a><\/span><\/li>\n<li><span style=\"font-size: 12pt;\"><a href=\"https:\/\/esf.hr\/esfplus\/wp-content\/uploads\/2023\/11\/Prilog_15_Nabava-za-NOJN.pdf\"><span style=\"font-size: 14pt; font-family: 'Open Sans';\">Postupci nabave za osobe koje nisu obveznici Zakona o javnoj nabavi, v1.0 \u2013 na snazi do 31. o\u017eujka 2025<\/span>.<\/a><\/span><\/li>\n<\/ul>\n<p><strong><span style=\"font-size: 18pt;\">UPUTE UPRAVLJA\u010cKOG TIJELA VEZANO UZ POSTUPKE NABAVA <\/span><\/strong><\/p>\n<ul>\n<li><a href=\"https:\/\/esf.hr\/esfplus\/wp-content\/uploads\/2025\/04\/Uputa-UT-a-za-kriterije-za-odabir-ponuda.pdf\" target=\"_blank\" rel=\"noopener\">Uputa o postupanju prilikom definiranja kriterija za odabir ponuda<\/a><\/li>\n<\/ul>\n<p><span style=\"font-size: 18pt;\"><strong>PRAVILNIK O PRIHVATLJIVOSTI TRO\u0160KOVA U OKVIRU ESF+<\/strong><\/span><\/p>\n<ul>\n<li><span style=\"font-size: 14pt;\"><a href=\"https:\/\/narodne-novine.nn.hr\/clanci\/sluzbeni\/2023_07_86_1344.html\" target=\"_blank\" rel=\"noopener\">Pravilnik o prihvatljivosti tro\u0161kova u okviru Europskog socijalnog fonda plus<\/a><\/span><\/li>\n<\/ul>\n<p><span style=\"font-size: 18pt;\"><strong>OP\u0106A PRAVILA O POSTUPANJU PO \u017dALBAMA I PRIGOVORIMA U OKVIRU ESF+<\/strong><\/span><\/p>\n<ul>\n<li><span style=\"font-size: 14pt;\"><a href=\"https:\/\/esf.hr\/esfplus\/wp-content\/uploads\/2023\/06\/Opca-pravila-o-postupanju-po-zalbama-i-prigovorima-ESF.pdf\" target=\"_blank\" rel=\"noopener\">Op\u0107a pravila o postupanju po \u017ealbama i prigovorima u okviru Programa U\u010dinkoviti ljudski potencijali Europskog socijalnog fonda plus u vezi s ciljem \u201eUlaganja za radna mjesta i rast\u201c u financijskom razdoblju 2021. \u2013 2027.<\/a><\/span><\/li>\n<\/ul>\n<p><span style=\"font-size: 18pt;\"><strong>UPUTA O PRIHVATLJIVOSTI TRO\u0160KOVA PLA\u0106A I TRO\u0160KOVA POVEZANIH S RADOM U OKVIRU PROJEKATA FINANCIRANIH IZ ESF+ U RH 2021.-2027.<\/strong><\/span><\/p>\n<ul>\n<li><a href=\"https:\/\/esf.hr\/esfplus\/wp-content\/uploads\/2024\/04\/Uputa-o-prihvatljivosti-troskova-placa.pdf\"><span style=\"font-size: 14pt;\">Uputa o prihvatljivosti tro\u0161kova pla\u0107a i tro\u0161kova povezanih s radom u okviru projekata financiranih iz Europskog socijalnog fonda plus u Republici Hrvatskoj 2021. \u2013 2027.<\/span><\/a><\/li>\n<\/ul>\n<p><strong><span style=\"font-size: 18pt;\">UPUTA NOSITELJIMA PROJEKATA ZA PRIKUPLJANJE I OBRADU PODATAKA U OKVIRU PROVEDBE ESF+ ZA PRIORITETE 1.-6.<\/span><\/strong><\/p>\n<ul>\n<li><a href=\"https:\/\/esf.hr\/esfplus\/wp-content\/uploads\/2024\/09\/Uputa_Nositeljima_projekata_za_prikupljanje_i_obradu_podataka_ESF_za_Prioritete_1_do_6.pdf\">Uputa Nositeljima projekata za prikupljanje i obradu podataka u okviru provedbe Programa U\u010dinkoviti ljudski potencijali 2021.-2027. za Prioritete 1.-6.<\/a><\/li>\n<li><a href=\"https:\/\/esf.hr\/esfplus\/wp-content\/uploads\/2024\/09\/Prilog_1_Prirucnik_za_koristenje_IT_sustava_Nositelji.pdf\">Prilog 1. Priru\u010dnik za kori\u0161tenje Informacijskog sustava za prikupljanje mikropodataka 2021.-2027. \u2013 Nositelj projekta<\/a><\/li>\n<li><a href=\"https:\/\/esf.hr\/esfplus\/wp-content\/uploads\/2024\/10\/P04_Prilog-01_a_Sudionici_O1_Ulazni-obrazac_v3.docx\">Prilog 2. Ulazni obrazac (O1) \u2013 Osobni podaci sudionika<\/a><\/li>\n<li><a href=\"https:\/\/esf.hr\/esfplus\/wp-content\/uploads\/2024\/10\/P04_Prilog-01_b_Sudionici_O2_Izlazni-obrazac_v3.docx\">Prilog 3. Izlazni obrazac (O2) \u2013 Podaci o promjeni statusa sudionika<\/a><\/li>\n<li><a href=\"https:\/\/esf.hr\/esfplus\/wp-content\/uploads\/2024\/09\/PULJP_O3_Sudionici_6mj-nakon_v1.pdf\">Prilog 4. Obrazac 3 (O3) \u2013 Status sudionika 6 mjeseci nakon izlaska iz projekt<\/a><\/li>\n<\/ul>\n<p><strong><span style=\"font-size: 18pt;\">UPUTA NOSITELJIMA PROJEKTA ZA PRIKUPLJANJE I OBRADU PODATAKA U OKVIRU PROVEDBE ESF+ ZA PRIORITET 7.<\/span><\/strong><\/p>\n<ul>\n<li><a href=\"https:\/\/esf.hr\/esfplus\/wp-content\/uploads\/2024\/09\/Uputa_Nositeljima_projekata_za_prikupljanje_i_obradu_podataka_ESF_za_Prioritet_7.pdf\">Uputa Nositeljima projekta za prikupljanje i obradu podataka u okviru provedbe Programa U\u010dinkoviti ljudski potencijali 2021.-2027. za Prioritet 7.<\/a><\/li>\n<li><a href=\"https:\/\/esf.hr\/esfplus\/wp-content\/uploads\/2024\/09\/Prilog_1_Prirucnik_za_koristenje_IT_sustava_Nositelji.pdf\">Prilog 1. Priru\u010dnik za kori\u0161tenje Informacijskog sustava za prikupljanje mikropodataka 2021.-2027. \u2013 Nositelj projekta<\/a><\/li>\n<li><a href=\"https:\/\/esf.hr\/esfplus\/wp-content\/uploads\/2024\/09\/PULJP_O4_P7_Pokazatelji-ostvarenja_v1.pdf\">Prilog 2. Obrazac 4 \u2013 (O4) \u2013 zajedni\u010dki pokazatelji ostvarenja<\/a><\/li>\n<li><a href=\"https:\/\/esf.hr\/esfplus\/wp-content\/uploads\/2024\/09\/PULJP_O5_P7_Pokazatelji-rezultata_v1.pdf\">Prilog 3. Obrazac 5 \u2013 (O5) \u2013 zajedni\u010dki pokazatelji rezultata &#8211; procijenjene vrijednost<\/a><\/li>\n<\/ul>\n<p><strong><span style=\"font-size: 18pt;\">UPUTA O PRIMJENI IZNIMKE U OKVIRU IZVJE\u0160TAVANJA O SUDIONICIMA PRIPADNICIMA CILJNE SKUPINE \u017dRTVE OBITELJSKOG NASILJA U OKVIRU ESF+<\/span><\/strong><\/p>\n<ul>\n<li><a href=\"https:\/\/esf.hr\/esfplus\/wp-content\/uploads\/2024\/09\/Uputa_o_primjeni_iznimke_zrtve_obiteljskog_nasilja_ESFv.1.0.pdf\">Uputa o primjeni iznimke u okviru izvje\u0161tavanja o sudionicima pripadnicima ciljne skupine \u017ertve obiteljskog nasilja u okviru ESF+ projekata<\/a><\/li>\n<li><a href=\"https:\/\/esf.hr\/esfplus\/wp-content\/uploads\/2024\/09\/Prilog-1_Evidencija-pseudonimizacije_v.1.0.pdf\">Prilog 1. Evidencija pseudonimizacije<\/a><\/li>\n<li><a href=\"https:\/\/esf.hr\/esfplus\/wp-content\/uploads\/2024\/09\/Prilog-2_Evidencija-statusa-na-trzistu-rada-sest-mjeseci-po-izlasku_v.1.0.pdf\">Prilog 2. Evidencija statusa na tr\u017ei\u0161tu rada \u0161est mjeseci po izlasku iz ESF+ projekta<\/a><\/li>\n<\/ul>\n<ul>\n<li style=\"list-style-type: none;\"><\/li>\n<\/ul>\n","protected":false},"excerpt":{"rendered":"<p>PRAVILA O FINANCIJSKIM KOREKCIJAMA Pravila o financijskim korekcijama POSTUPCI NABAVE ZA OSOBE KOJE NISU OBVEZNICI ZAKONA O JAVNOJ NABAVI Postupci nabave za osobe koje nisu obveznici Zakona o javnoj nabavi, v3.0 \u2013 na snazi od 1. sije\u010dnja 2026. Postupci nabave za osobe koje nisu obveznici Zakona o javnoj nabavi, v2.0 \u2013 na snazi od 1. [&hellip;]<\/p>\n","protected":false},"author":20,"featured_media":0,"parent":0,"menu_order":0,"comment_status":"closed","ping_status":"closed","template":"","meta":{"_monsterinsights_skip_tracking":false,"_monsterinsights_sitenote_active":false,"_monsterinsights_sitenote_note":"","_monsterinsights_sitenote_category":0,"cybocfi_hide_featured_image":""},"yoast_head":"<!-- This site is optimized with the Yoast SEO plugin v16.8 - https:\/\/yoast.com\/wordpress\/plugins\/seo\/ -->\n<title>Pravilnici i Upute - Europski socijalni fond<\/title>\n<meta name=\"robots\" content=\"index, follow, max-snippet:-1, max-image-preview:large, max-video-preview:-1\" \/>\n<link rel=\"canonical\" href=\"https:\/\/esf.hr\/esfplus\/pravilnici-i-upute\/\" \/>\n<meta property=\"og:locale\" content=\"en_US\" \/>\n<meta property=\"og:type\" content=\"article\" \/>\n<meta property=\"og:title\" content=\"Pravilnici i Upute - Europski socijalni fond\" \/>\n<meta property=\"og:description\" content=\"PRAVILA O FINANCIJSKIM KOREKCIJAMA Pravila o financijskim korekcijama POSTUPCI NABAVE ZA OSOBE KOJE NISU OBVEZNICI ZAKONA O JAVNOJ NABAVI Postupci nabave za osobe koje nisu obveznici Zakona o javnoj nabavi, v3.0 \u2013 na snazi od 1. sije\u010dnja 2026. Postupci nabave za osobe koje nisu obveznici Zakona o javnoj nabavi, v2.0 \u2013 na snazi od 1. [&hellip;]\" \/>\n<meta property=\"og:url\" content=\"https:\/\/esf.hr\/esfplus\/pravilnici-i-upute\/\" \/>\n<meta property=\"og:site_name\" content=\"Europski socijalni fond\" \/>\n<meta property=\"article:modified_time\" content=\"2025-12-09T08:33:22+00:00\" \/>\n<meta name=\"twitter:label1\" content=\"Est. reading time\" \/>\n\t<meta name=\"twitter:data1\" content=\"2 minutes\" \/>\n<script type=\"application\/ld+json\" class=\"yoast-schema-graph\">{\"@context\":\"https:\/\/schema.org\",\"@graph\":[{\"@type\":\"WebSite\",\"@id\":\"https:\/\/esf.hr\/esfplus\/#website\",\"url\":\"https:\/\/esf.hr\/esfplus\/\",\"name\":\"Europski socijalni fond\",\"description\":\"Program U\\u010dinkoviti ljudski potencijali 2021.-2027.\",\"potentialAction\":[{\"@type\":\"SearchAction\",\"target\":{\"@type\":\"EntryPoint\",\"urlTemplate\":\"https:\/\/esf.hr\/esfplus\/?s={search_term_string}\"},\"query-input\":\"required name=search_term_string\"}],\"inLanguage\":\"en-US\"},{\"@type\":\"WebPage\",\"@id\":\"https:\/\/esf.hr\/esfplus\/pravilnici-i-upute\/#webpage\",\"url\":\"https:\/\/esf.hr\/esfplus\/pravilnici-i-upute\/\",\"name\":\"Pravilnici i Upute - Europski socijalni fond\",\"isPartOf\":{\"@id\":\"https:\/\/esf.hr\/esfplus\/#website\"},\"datePublished\":\"2021-06-25T10:05:50+00:00\",\"dateModified\":\"2025-12-09T08:33:22+00:00\",\"breadcrumb\":{\"@id\":\"https:\/\/esf.hr\/esfplus\/pravilnici-i-upute\/#breadcrumb\"},\"inLanguage\":\"en-US\",\"potentialAction\":[{\"@type\":\"ReadAction\",\"target\":[\"https:\/\/esf.hr\/esfplus\/pravilnici-i-upute\/\"]}]},{\"@type\":\"BreadcrumbList\",\"@id\":\"https:\/\/esf.hr\/esfplus\/pravilnici-i-upute\/#breadcrumb\",\"itemListElement\":[{\"@type\":\"ListItem\",\"position\":1,\"name\":\"Naslovna\",\"item\":\"https:\/\/esf.hr\/esfplus\/\"},{\"@type\":\"ListItem\",\"position\":2,\"name\":\"Pravilnici i Upute\"}]}]}<\/script>\n<!-- \/ Yoast SEO plugin. -->","yoast_head_json":{"title":"Pravilnici i Upute - Europski socijalni fond","robots":{"index":"index","follow":"follow","max-snippet":"max-snippet:-1","max-image-preview":"max-image-preview:large","max-video-preview":"max-video-preview:-1"},"canonical":"https:\/\/esf.hr\/esfplus\/pravilnici-i-upute\/","og_locale":"en_US","og_type":"article","og_title":"Pravilnici i Upute - Europski socijalni fond","og_description":"PRAVILA O FINANCIJSKIM KOREKCIJAMA Pravila o financijskim korekcijama POSTUPCI NABAVE ZA OSOBE KOJE NISU OBVEZNICI ZAKONA O JAVNOJ NABAVI Postupci nabave za osobe koje nisu obveznici Zakona o javnoj nabavi, v3.0 \u2013 na snazi od 1. sije\u010dnja 2026. Postupci nabave za osobe koje nisu obveznici Zakona o javnoj nabavi, v2.0 \u2013 na snazi od 1. [&hellip;]","og_url":"https:\/\/esf.hr\/esfplus\/pravilnici-i-upute\/","og_site_name":"Europski socijalni fond","article_modified_time":"2025-12-09T08:33:22+00:00","twitter_misc":{"Est. reading time":"2 minutes"},"schema":{"@context":"https:\/\/schema.org","@graph":[{"@type":"WebSite","@id":"https:\/\/esf.hr\/esfplus\/#website","url":"https:\/\/esf.hr\/esfplus\/","name":"Europski socijalni fond","description":"Program U\u010dinkoviti ljudski potencijali 2021.-2027.","potentialAction":[{"@type":"SearchAction","target":{"@type":"EntryPoint","urlTemplate":"https:\/\/esf.hr\/esfplus\/?s={search_term_string}"},"query-input":"required name=search_term_string"}],"inLanguage":"en-US"},{"@type":"WebPage","@id":"https:\/\/esf.hr\/esfplus\/pravilnici-i-upute\/#webpage","url":"https:\/\/esf.hr\/esfplus\/pravilnici-i-upute\/","name":"Pravilnici i Upute - Europski socijalni fond","isPartOf":{"@id":"https:\/\/esf.hr\/esfplus\/#website"},"datePublished":"2021-06-25T10:05:50+00:00","dateModified":"2025-12-09T08:33:22+00:00","breadcrumb":{"@id":"https:\/\/esf.hr\/esfplus\/pravilnici-i-upute\/#breadcrumb"},"inLanguage":"en-US","potentialAction":[{"@type":"ReadAction","target":["https:\/\/esf.hr\/esfplus\/pravilnici-i-upute\/"]}]},{"@type":"BreadcrumbList","@id":"https:\/\/esf.hr\/esfplus\/pravilnici-i-upute\/#breadcrumb","itemListElement":[{"@type":"ListItem","position":1,"name":"Naslovna","item":"https:\/\/esf.hr\/esfplus\/"},{"@type":"ListItem","position":2,"name":"Pravilnici i Upute"}]}]}},"_links":{"self":[{"href":"https:\/\/esf.hr\/esfplus\/wp-json\/wp\/v2\/pages\/13628"}],"collection":[{"href":"https:\/\/esf.hr\/esfplus\/wp-json\/wp\/v2\/pages"}],"about":[{"href":"https:\/\/esf.hr\/esfplus\/wp-json\/wp\/v2\/types\/page"}],"author":[{"embeddable":true,"href":"https:\/\/esf.hr\/esfplus\/wp-json\/wp\/v2\/users\/20"}],"replies":[{"embeddable":true,"href":"https:\/\/esf.hr\/esfplus\/wp-json\/wp\/v2\/comments?post=13628"}],"version-history":[{"count":33,"href":"https:\/\/esf.hr\/esfplus\/wp-json\/wp\/v2\/pages\/13628\/revisions"}],"predecessor-version":[{"id":25261,"href":"https:\/\/esf.hr\/esfplus\/wp-json\/wp\/v2\/pages\/13628\/revisions\/25261"}],"wp:attachment":[{"href":"https:\/\/esf.hr\/esfplus\/wp-json\/wp\/v2\/media?parent=13628"}],"curies":[{"name":"wp","href":"https:\/\/api.w.org\/{rel}","templated":true}]}}